{"id":2828,"date":"2025-11-09T16:44:19","date_gmt":"2025-11-09T15:44:19","guid":{"rendered":"https:\/\/www.kalalumen.ch\/accueil\/?page_id=2828"},"modified":"2026-03-07T15:04:56","modified_gmt":"2026-03-07T14:04:56","slug":"9e-temoignages","status":"publish","type":"page","link":"https:\/\/www.kalalumen.ch\/accueil\/9e-temoignages\/","title":{"rendered":"9e-T\u00e9moignages"},"content":{"rendered":"<p>[et_pb_section fb_built=\u00a0\u00bb1&Prime; _builder_version=\u00a0\u00bb4.27.4&Prime; background_color=\u00a0\u00bbrgba(0,0,0,0)\u00a0\u00bb custom_padding=\u00a0\u00bb23px|0px|0|0px|false|false\u00a0\u00bb border_width_top=\u00a0\u00bb1px\u00a0\u00bb border_color_top=\u00a0\u00bbrgba(224,153,0,0.53)\u00a0\u00bb global_colors_info=\u00a0\u00bb{}\u00a0\u00bb][et_pb_row _builder_version=\u00a0\u00bb4.27.4&Prime; min_height=\u00a0\u00bb35.8px\u00a0\u00bb custom_margin=\u00a0\u00bb0px|auto|0px|auto|false|false\u00a0\u00bb custom_margin_tablet=\u00a0\u00bb0px|auto|0px|auto|false|false\u00a0\u00bb custom_margin_phone=\u00a0\u00bb||42px||false|false\u00a0\u00bb custom_margin_last_edited=\u00a0\u00bbon|phone\u00a0\u00bb custom_padding=\u00a0\u00bb0px|0px|0px|0px|false|false\u00a0\u00bb global_colors_info=\u00a0\u00bb{}\u00a0\u00bb][et_pb_column type=\u00a0\u00bb4_4&Prime; _builder_version=\u00a0\u00bb4.16&Prime; custom_padding=\u00a0\u00bb|||\u00a0\u00bb global_colors_info=\u00a0\u00bb{}\u00a0\u00bb custom_padding__hover=\u00a0\u00bb|||\u00a0\u00bb][et_pb_menu menu_id=\u00a0\u00bb16&Prime; dropdown_menu_bg_color=\u00a0\u00bb#000000&Prime; dropdown_menu_line_color=\u00a0\u00bb#E09900&Prime; dropdown_menu_text_color=\u00a0\u00bb#E09900&Prime; dropdown_menu_active_link_color=\u00a0\u00bb#ffb200&Prime; mobile_menu_bg_color=\u00a0\u00bb#000000&Prime; mobile_menu_text_color=\u00a0\u00bb#E09900&Prime; cart_icon_color=\u00a0\u00bb#E09900&Prime; search_icon_color=\u00a0\u00bb#E09900&Prime; menu_icon_color=\u00a0\u00bb#E09900&Prime; _builder_version=\u00a0\u00bb4.27.4&Prime; _module_preset=\u00a0\u00bbdefault\u00a0\u00bb menu_font=\u00a0\u00bb|&#8211;et_global_heading_font_weight|||||||\u00a0\u00bb menu_text_color=\u00a0\u00bb#E09900&Prime; menu_font_size=\u00a0\u00bb18px\u00a0\u00bb background_color=\u00a0\u00bbRGBA(255,255,255,0)\u00a0\u00bb locked=\u00a0\u00bboff\u00a0\u00bb global_colors_info=\u00a0\u00bb{}\u00a0\u00bb][\/et_pb_menu][\/et_pb_column][\/et_pb_row][et_pb_row _builder_version=\u00a0\u00bb4.27.4&Prime; min_height=\u00a0\u00bb60px\u00a0\u00bb custom_margin=\u00a0\u00bb|auto|2px|auto||\u00a0\u00bb custom_padding=\u00a0\u00bb28px|0px|29px|0px|false|false\u00a0\u00bb global_colors_info=\u00a0\u00bb{}\u00a0\u00bb][et_pb_column type=\u00a0\u00bb4_4&Prime; _builder_version=\u00a0\u00bb4.16&Prime; custom_padding=\u00a0\u00bb|||\u00a0\u00bb global_colors_info=\u00a0\u00bb{}\u00a0\u00bb custom_padding__hover=\u00a0\u00bb|||\u00a0\u00bb][et_pb_text _builder_version=\u00a0\u00bb4.27.4&Prime; text_font=\u00a0\u00bbGeorgia||||||||\u00a0\u00bb text_text_color=\u00a0\u00bb#E09900&Prime; text_font_size=\u00a0\u00bb15px\u00a0\u00bb text_line_height=\u00a0\u00bb1.6em\u00a0\u00bb header_font_size=\u00a0\u00bb21px\u00a0\u00bb min_height=\u00a0\u00bb54.8px\u00a0\u00bb custom_margin=\u00a0\u00bb-33px||8px||false|false\u00a0\u00bb custom_padding=\u00a0\u00bb||24px|||\u00a0\u00bb text_font_size_tablet=\u00a0\u00bb14px\u00a0\u00bb text_font_size_phone=\u00a0\u00bb12px\u00a0\u00bb text_font_size_last_edited=\u00a0\u00bbon|phone\u00a0\u00bb global_colors_info=\u00a0\u00bb{}\u00a0\u00bb]<\/p>\n<p style=\"text-align: center;\"><span style=\"font-size: xx-large;\">750e Cath\u00e9drale de Lausanne<\/span><\/p>\n<p style=\"text-align: center;\"><span style=\"font-size: xx-large;\">9-10 octobre 2025<\/span><\/p>\n<p>[\/et_pb_text][et_pb_text _builder_version=\u00a0\u00bb4.27.4&Prime; _module_preset=\u00a0\u00bbdefault\u00a0\u00bb text_text_color=\u00a0\u00bb#c6c6c6&Prime; text_font_size=\u00a0\u00bb35px\u00a0\u00bb min_height=\u00a0\u00bb43.8px\u00a0\u00bb inline_fonts=\u00a0\u00bbGeorgia\u00a0\u00bb global_colors_info=\u00a0\u00bb{}\u00a0\u00bb]<\/p>\n<p style=\"text-align: center;\"><span style=\"color: rgba(255, 255, 255, 0.75); font-family: Georgia;\">T\u00e9moignages<\/span><\/p>\n<p>[\/et_pb_text][\/et_pb_column][\/et_pb_row][et_pb_row column_structure=\u00a0\u00bb1_2,1_2&Prime; _builder_version=\u00a0\u00bb4.27.4&Prime; _module_preset=\u00a0\u00bbdefault\u00a0\u00bb min_height=\u00a0\u00bb2593.6px\u00a0\u00bb custom_margin=\u00a0\u00bb-18px|auto||auto||\u00a0\u00bb custom_padding=\u00a0\u00bb9px||0px||false|false\u00a0\u00bb global_colors_info=\u00a0\u00bb{}\u00a0\u00bb][et_pb_column type=\u00a0\u00bb1_2&Prime; _builder_version=\u00a0\u00bb4.27.4&Prime; _module_preset=\u00a0\u00bbdefault\u00a0\u00bb global_colors_info=\u00a0\u00bb{}\u00a0\u00bb][et_pb_text _builder_version=\u00a0\u00bb4.27.4&Prime; text_font=\u00a0\u00bb||||||||\u00a0\u00bb text_text_color=\u00a0\u00bb#d8d8d8&Prime; width=\u00a0\u00bb99.9%\u00a0\u00bb min_height=\u00a0\u00bb586.4px\u00a0\u00bb custom_margin=\u00a0\u00bb0px||-3px|5px||\u00a0\u00bb custom_margin_tablet=\u00a0\u00bb0px||\u00a0\u00bb custom_margin_phone=\u00a0\u00bb\u00a0\u00bb custom_margin_last_edited=\u00a0\u00bbon|desktop\u00a0\u00bb custom_padding=\u00a0\u00bb|0px|6px||false|false\u00a0\u00bb custom_css_free_form=\u00a0\u00bbq::before, q::after {||  content: &lsquo;%22&rsquo;;||}||||\u00a0\u00bb global_colors_info=\u00a0\u00bb{}\u00a0\u00bb]<\/p>\n<p><span style=\"font-size: large;\"><span style=\"background-color: #000000; color: #e09900;\">\u00a0Des organisateurs<\/span><\/span><\/p>\n<p>L&rsquo;Association pour le 750e de la Cath\u00e9drale, charg\u00e9e d&rsquo;organiser les manifestations et \u00e9v\u00e8nements de cette ann\u00e9e d&rsquo;anniversaire, est tr\u00e8s fi\u00e8re et trop heureuse d&rsquo;avoir accroch\u00e9 ce formidable spectacle \u00e0 son programme. Son succ\u00e8s fut extraordinaire, en termes de fr\u00e9quentation et d&rsquo;accueil : que de t\u00e9moignages \u00e9logieux, encore charg\u00e9s d&rsquo;\u00e9motions et de magie avons-nous eus en retour ! Ces merveilleux moments de musique et de flammes ont rendu le plus beau des hommages \u00e0 l&rsquo;\u00e9difice, \u00e0 sa grandeur, \u00e0 sa spiritualit\u00e9.<br \/><strong>Vincent Grandjean<\/strong>, ancien chancelier d\u2019\u00c9tat<br \/>et pr\u00e9sident du comit\u00e9 du 750e anniversaire de la Cath\u00e9drale de Lausanne<\/p>\n<p>&nbsp;<\/p>\n<p>Comment d\u00e9crire ce moment hors du temps, ce mariage de la lumi\u00e8re et de la musique v\u00e9cu en octobre dernier \u00e0 la Cath\u00e9drale de Lausanne ?<br \/>Exp\u00e9rience renversante, magnifique, pleine d\u2019\u00e9motions surtout lorsque la colombe de la paix \u00e9clair\u00e9e de mille bougies est apparue au-dessus du ch\u0153ur annon\u00e7ant paix et joie entre tous les hommes.<br \/>On avait besoin de ce message d\u2019espoir port\u00e9 par un maestro, des musiciens et des choristes sublimes.<br \/>Moment inoubliable.<br \/><strong>B\u00e9atrice M\u00e9traux<\/strong>, ancienne conseill\u00e8re d\u2019\u00c9tat<br \/>et vice-pr\u00e9sidente du comit\u00e9 du 750e anniversaire de la Cath\u00e9drale de Lausanne<\/p>\n<p>&nbsp;<\/p>\n<p>Ce spectacle m\u00ealant la Neuvi\u00e8me Symphonie de Beethoven \u00e0 une mise en sc\u00e8ne o\u00f9 des figurants v\u00eatus de noir allument des bougies de la nef jusqu\u2019au sommet de la crois\u00e9e du transept, cr\u00e9e une exp\u00e9rience visuelle et sonore d\u2019une grande intensit\u00e9.<br \/>L\u2019Ode \u00e0 la joie, hymne universel \u00e0 la fraternit\u00e9, prend une dimension mystique sous les splendides vo\u00fbtes de notre Cath\u00e9drale de Lausanne, tandis que les silhouettes silencieuses et les flammes vacillantes ajoutent une touche de solennit\u00e9 et de myst\u00e8re. La lumi\u00e8re chaleureuse des bougies, progressivement r\u00e9v\u00e9l\u00e9e, renforce l\u2019\u00e9motion collective.<br \/>L\u2019audace de cette mise en sc\u00e8ne, o\u00f9 l\u2019architecture gothique, la musique et le mouvement s\u2019unissent, transforme le concert en une c\u00e9r\u00e9monie visuelle et auditive qui enveloppe chaque spectateur d\u2019ombre et de lumi\u00e8re.<br \/>Il faut en remercier le Sinfonietta de Lausanne, les ch\u0153urs, leur chef de ch\u0153ur et d\u2019orchestre et le metteur en lumi\u00e8re qui nous ont fait vivre ce moment inoubliable.<br \/><strong>Aim\u00e9 Achard<\/strong>, pr\u00e9sident de l\u2019ECA \u2013 sponsor principal de l\u2019\u00e9v\u00e8nement<\/p>\n<p>&nbsp;<\/p>\n<p>La 9\u00e8me de Beethoven n\u2019a pas besoin d\u2019artifices pour \u00eatre entendue et appr\u00e9ci\u00e9e. Je craignais un peu que les illuminations me distraient de l\u2019\u00e9coute. En fait, elles ont donn\u00e9 \u00e0 la musique une dimension qui m\u2019a rejointe comme jamais. Il y en avait pour les oreilles, pour les yeux, pour le c\u0153ur.<br \/><strong>Line D\u00e9praz<\/strong>, pasteure de la Cath\u00e9drale de Lausanne<\/p>\n<p>&nbsp;<\/p>\n<p>Un plein d\u2019\u00e9motions et de sensations \u00e0 la Cath\u00e9drale de Lausanne sous la baguette de Julien Laloux, un hymne \u00e0 la joie port\u00e9 par le Sinfonietta et les ch\u0153urs HEP, une soir\u00e9e inoubliable illumin\u00e9e par des myriades de flammes : quelle soir\u00e9e !<br \/><strong>Thierry Dias,<\/strong> recteur de la HEP Vaud<\/p>\n<p>&nbsp;<\/p>\n<p><span style=\"color: #e09900;\"><span style=\"font-size: large;\"><span style=\"background-color: #000000;\">Du<\/span><\/span><span style=\"background-color: #000000; font-size: large;\">\u00a0<\/span><span style=\"background-color: #000000; font-size: 18px;\">\u00a0public<\/span><\/span><\/p>\n<p>Cher Renato,<br \/>Un immense merci de nous avoir invit\u00e9s \u00e0 cet incroyable spectacle \u00e0 la Cath\u00e9drale de Lausanne.<br \/>J\u2019ai \u00e9t\u00e9 transport\u00e9e dans un autre monde le temps d\u2019une soir\u00e9e, celui de la beaut\u00e9 dans ce qu\u2019elle a de plus intemporel, de flamboyant, d\u2019\u00e9mouvant, de parfait.<br \/>La musique servait la mise en sc\u00e8ne et le ballet des lampistes qui allumaient au rythme du tempo des milliers de bougies \u00e9tait hypnotique, hallucinant, extraordinaire.<br \/>Crescendo, nous avons bascul\u00e9 dans le sublime et la magie\u2026 j\u2019aurais aim\u00e9 que cela dure encore et encore.<br \/>Bravo et merci \u00e0 toi et \u00e0 toutes tes \u00e9quipes. Je me r\u00e9jouis de te retrouver bient\u00f4t pour notre projet, certes plus modeste, mais toujours merveilleux \u00e0 la cath\u00e9drale St-Pierre de Gen\u00e8ve.<br \/>Avec toute mon admiration et ma gratitude.<br \/>Amicalement,<br \/><strong>Caroline Barbier-M\u00fcller<\/strong><\/p>\n<p><strong><\/strong><\/p>\n<p>Fabuleux ! Fa-bu-leux !<br \/>Une parfaite symbiose entre musique et lumi\u00e8re qui m\u2019a donn\u00e9 la chair de poule \u00e0 plusieurs reprises. Chaque tableau portait une originalit\u00e9 en soi, avec un faible tout de m\u00eame pour le \u00ab\u00a0Ballet des lucioles\u00a0\u00bb, tellement f\u00e9erique et apaisant. En fin de concert, inviter les lampistes \u00e0 s\u2019approcher pour recevoir eux aussi les ovations du public, puis te retourner pour saluer les musiciens et les choristes, j\u2019ai trouv\u00e9 cela grand, un signe de reconnaissance envers tous les protagonistes de cet extraordinaire concert.<br \/><strong>Daniel Viret<\/strong><\/p>\n<p><strong><\/strong><\/p>\n<p>Je crois que je n\u2019ai pas les mots, juste les frissons. Ce que tu as r\u00e9alis\u00e9 avec eux tous est prodigieux, de beaut\u00e9, de force, de finesse et d\u2019intensit\u00e9. Je n\u2019arrivais plus \u00e0 sortir de la cath\u00e9drale, pas envie\u2026<br \/><strong>Catherine Sperandio<\/strong><\/p>\n<p><strong><\/strong><\/p>\n<p>Epoustouflant ! Je n&rsquo;ai jamais vu un spectacle aussi r\u00e9ussi et un tel enthousiasme du public. Tu me disais que pour Beethoven les hommes lan\u00e7aient leurs chapeaux. Tu as aussi les f\u00e9licitations de papa, de Francine et de Marie.<br \/>J&rsquo;ai eu raison de ne pas conna\u00eetre les tableaux lumineux \u00e0 l\u2019avance, la surprise a \u00e9t\u00e9 d&rsquo;autant plus grande. Le final \u00e9tait grandiose et d\u2019une prouesse au-dessus des attentes possibles.<br \/>Mes amiti\u00e9s chez toi et encore bravo.<br \/><strong>Daniel Grogg<\/strong><\/p>\n<p><strong><\/strong><\/p>\n<p>C\u2019\u00e9tait MAGNIFIQUE. La cath\u00e9drale qui s\u2019illuminait au rythme de la musique. GRANDIOSE. Nous avons ador\u00e9. Merci pour cet \u00e9merveillement. Un grand BRAVO au g\u00e9nie de la flamme.<br \/>Tout de bon pour demain.<br \/><strong>V\u00e9ronique Marro<\/strong><\/p>\n<p><strong><\/strong><\/p>\n<p>Bravo, bravo, et mille bravos encore. C\u2019\u00e9tait magique, tout \u00e9tait beau. J\u2019ai ador\u00e9 le rythme et la mont\u00e9e crescendo des lumi\u00e8res et, pour s\u00fbr, le c\u0153ur de tous les lampistes.<br \/><strong>Lo\u00efc Kr\u00e4henb\u00fchl<\/strong><\/p>\n<p><strong><\/strong><\/p>\n<p>C\u2019\u00e9tait splendide !<br \/><strong>Elsa Kurz<\/strong><\/p>\n<p><strong><\/strong><\/p>\n<p>Quelle merveille, quel bonheur ! C\u2019\u00e9tait magnifique. Merci de nous avoir offert ce spectacle grandiose.<br \/><strong>Philippe Schneider<\/strong><\/p>\n<p><strong><\/strong><\/p>\n<p>La musique et les milliers de bougies \u00e9taient tout simplement magnifiques. Quelle f\u00eate vivante et paisible! Et cela en ces temps difficiles.<br \/>Merci pour votre excellente id\u00e9e et sa mise en \u0153uvre impressionnante.<br \/><strong>Christina Zech<\/strong><\/p>\n<p><strong><\/strong><\/p>\n<p>Mille bravos ! C\u2019\u00e9tait magnifique !<br \/>Un spectacle total, quelle ferveur !<br \/><strong>John-David Aubert<\/strong><\/p>\n<p><span style=\"font-size: 14px;\"><\/span><\/p>\n<p><span style=\"font-size: large;\"><span style=\"background-color: #000000; color: #e09900;\">Des lampistes<\/span>\u00a0<\/span><\/p>\n<p>Un immense merci pour ce magnifique spectacle \u00e0 la Cath\u00e9drale de Lausanne. Gr\u00e2ce \u00e0 ton regard bienveillant, \u00e0 ta patience et \u00e0 ton exigence juste, tu as su tirer le meilleur de chacun d\u2019entre nous.<br \/>Ton travail, titanesque et inspirant, a donn\u00e9 naissance \u00e0 une oeuvre lumineuse qui a su mettre en valeur toute la beaut\u00e9 et la majest\u00e9 de la cath\u00e9drale. Merci de nous avoir guid\u00e9s, encourag\u00e9s et port\u00e9s jusqu\u2019au bout de cette aventure artistique exceptionnelle.<br \/>Nous garderons de cette exp\u00e9rience un souvenir \u00e9mu et reconnaissant.<br \/>Avec toute notre gratitude,<br \/><strong>Jocelyne Bouton, Fabienne Pazeller, Ma\u00ebliss Lassalle<\/strong><\/p>\n<p><strong><\/strong><\/p>\n<p>Ce fut une semaine incroyable. Tant d&rsquo;\u00e9motions, de joie, d&rsquo;intensit\u00e9 et de quelques moments de stress sur le promenoir. Une exp\u00e9rience inoubliable, merveilleuse. Jamais je n\u2019aurais imagin\u00e9 vivre cela un jour !<br \/>De tout coeur un immense Merci de l&rsquo;avoir propos\u00e9 \u00e0 Fran\u00e7ois&#8230; et \u00e0 moi.<br \/>La musique continue de raisonner dans mes oreilles. Et puis il y a la d\u00e9ception de mes amies qui n&rsquo;ont pas eu la chance d&rsquo;y participer. Elles se r\u00e9jouissent d\u00e9j\u00e0 de suivre l&rsquo;\u00e9mission \u00ab\u00a0Des Racines &amp; des Ailes\u00a0\u00bb.<br \/>Bien chaleureusement,<br \/><strong>Carole Pochon<\/strong><\/p>\n<p><strong><\/strong><\/p>\n<p>Que d\u2019\u00e9motions v\u00e9cues au sein de cette grande famille humaine\u2026<br \/>Une exp\u00e9rience unique !<br \/>Partage, collaboration, enthousiasme, reconnexion aux autres et \u00e0 soi-m\u00eame.<br \/>Pour tous ces moments intenses, inoubliables, baign\u00e9s dans la lumi\u00e8re, la musique, les voix et la magie.<br \/>Quel beau cadeau d\u2019anniversaire pour ce joyau de la Ville dont tu as \u00e9t\u00e9 le gardien de tant de nuits et qui se souviendra longtemps encore de tes pas.<br \/>Nous sommes heureuses et honor\u00e9es d\u2019avoir contribu\u00e9 \u00e0 ton r\u00eave et \u00e0 sa r\u00e9alisation.<br \/>Merci et Bravo !<br \/>Amiti\u00e9s,<br \/>Le quatuor de Montriond<br \/><strong>Eliette Amstutz, Floriane Nikles, V\u00e9ronique Reichen, Val\u00e9rie Eperon<\/strong><\/p>\n<p><strong><\/strong><\/p>\n<p>Un immense BRAVO pour ces merveilleuses illuminations qui nous ont transport\u00e9s dans la magie de la lumi\u00e8re sur les accords de cette grandiose 9\u00e8me\u2026 et beaucoup de gratitude pour y avoir particip\u00e9! De purs moments de joie et de paix donn\u00e9s \u00e0 chacun et certainement \u00e0 l\u2019humanit\u00e9 tout enti\u00e8re par effet papillon !<br \/>Ludwig, Renato, Julien, le trio gagnant !<br \/>Tr\u00e8s cordialement,<br \/><strong>Philippe et Shabnam Dutruy, Jean-Yves Curty<\/strong><\/p>\n<p><span style=\"font-size: 14px;\"><\/span><\/p>\n<p>[\/et_pb_text][\/et_pb_column][et_pb_column type=\u00a0\u00bb1_2&Prime; _builder_version=\u00a0\u00bb4.27.4&Prime; _module_preset=\u00a0\u00bbdefault\u00a0\u00bb global_colors_info=\u00a0\u00bb{}\u00a0\u00bb][et_pb_text _builder_version=\u00a0\u00bb4.27.4&Prime; text_font=\u00a0\u00bb||||||||\u00a0\u00bb text_text_color=\u00a0\u00bb#d8d8d8&Prime; custom_margin=\u00a0\u00bb0px||2px|||\u00a0\u00bb custom_margin_tablet=\u00a0\u00bb0px||\u00a0\u00bb custom_margin_phone=\u00a0\u00bb\u00a0\u00bb custom_margin_last_edited=\u00a0\u00bbon|desktop\u00a0\u00bb custom_padding=\u00a0\u00bb|0px|0px||false|false\u00a0\u00bb custom_css_free_form=\u00a0\u00bbq::before, q::after {||  content: &lsquo;%22&rsquo;;||}||||\u00a0\u00bb global_colors_info=\u00a0\u00bb{}\u00a0\u00bb]<\/p>\n<p><span style=\"font-size: large; color: #e09900;\"><span style=\"background-color: #000000;\"><\/span><\/span><\/p>\n<p><span style=\"font-size: large; color: #e09900;\"><span style=\"background-color: #000000;\">Des lampistes<\/span>\u00a0<\/span><\/p>\n<p>Quel succ\u00e8s, quels applaudissements ont d\u00e9ferl\u00e9 dans cette cath\u00e9drale si magnifique et majestueuse.<br \/>Ces instants de magie, chaque soir renouvel\u00e9s et m\u00eame sublim\u00e9s, m&rsquo;ont amen\u00e9 une \u00e9nergie nouvelle, que je croyais envol\u00e9e.<br \/>Que de belles images ont brill\u00e9 dans tous les yeux \u00e9carquill\u00e9s, non seulement du public mais aussi des choristes, des musiciens, ceux de Julien et des solistes, ceux des lampistes et surtout des miens.<br \/>Je t&#8217;embrasse et te dis \u00e0 une prochaine fois<br \/><strong>Anne-Claude Burnand<\/strong><strong><\/strong><\/p>\n<p><strong><\/strong><\/p>\n<p><strong><\/strong><\/p>\n<p>Merci infiniment pour ce merveilleux moment. La colombe nous a emmen\u00e9s vers le grandiose. C\u2019est une super exp\u00e9rience que j\u2019ai pu vivre, c\u2019est immense.<br \/><strong>Sylvette Rezzonico<\/strong><strong><\/strong><\/p>\n<p><strong><\/strong><\/p>\n<p><strong><\/strong><\/p>\n<p>Quel privil\u00e8ge d\u2019avoir pu participer \u00e0 un \u00e9v\u00e9nement aussi magnifique !<br \/>Merci.<br \/><strong>Fran\u00e7oise Roulier<\/strong><\/p>\n<p><strong><\/strong><\/p>\n<p><strong><\/strong><\/p>\n<p>Dor\u00e9navant, la 9\u00e8me sonnera lumineuse.<br \/>Grazie.<br \/><strong>Jacques Lettry<\/strong><\/p>\n<p><strong><\/strong><\/p>\n<p><strong><\/strong><\/p>\n<p>Quelles magnifiques soir\u00e9es. Merci pour ton enthousiasme. Un superbe souvenir.<br \/><strong>V\u00e9ronique Blanc<\/strong><\/p>\n<p><strong><\/strong><\/p>\n<p><strong><\/strong><\/p>\n<p>Merci du fond du c\u0153ur ! La musique, la magie de tes bougies et le fait d\u2019avoir pu \u00eatre perch\u00e9e dans la cath\u00e9drale, c\u2019\u00e9tait extraordinaire.<br \/><strong>El\u00e9onore Delessert<\/strong><\/p>\n<p><strong><\/strong><\/p>\n<p><strong><\/strong><\/p>\n<p>Que du bonheur! Des lumi\u00e8res et des \u00e9toiles dans les yeux de ceux qu\u2019on aime, n\u2019est-ce pas le plus beau des cadeaux ? Merci d\u2019aller au bout de tes r\u00eaves et de nous emmener dans ton sillage.<br \/>Ces moments de vie, d\u2019amiti\u00e9s anciennes et nouvelles, ces moments d\u2019\u00eatre\u2026 tout simplement, avec parfois des emportements spontan\u00e9s et naturels.<br \/>Avec grande amiti\u00e9,<br \/><strong>Catherine Cherix<\/strong><\/p>\n<p><strong><\/strong><\/p>\n<p><strong><\/strong><\/p>\n<p>Merci infiniment de m\u2019avoir permis de participer \u00e0 cette aventure exceptionnelle.<br \/>Bravo pour cette r\u00e9ussite incroyable, porteuse de paix, d\u2019espoir et de joie.<br \/><strong>Laurence Briola<\/strong><strong><\/strong><\/p>\n<p><strong><\/strong><\/p>\n<p><strong><\/strong><\/p>\n<p>F\u00e9licitations et merci pour ce magnifique projet qui nous a mis des \u00e9toiles dans les yeux et des notes dans le c\u0153ur !<br \/><strong>Lucie Piemontesi<\/strong><\/p>\n<p>&nbsp;<\/p>\n<p>Merci, cher Diog\u00e8ne de la cath\u00e9drale, de nous avoir embarqu\u00e9s dans cette aventure aussi grandiose que lumineuse et garde la flamme pour les prochains projets.<br \/><strong>Barbara Mayor<\/strong><\/p>\n<p><strong><\/strong><\/p>\n<p><strong><\/strong><\/p>\n<p>Le plaisir d\u2019avoir pu allumer quelques lumi\u00e8res qui mettent la joie et la paix dans les c\u0153urs.<br \/><strong>Barbara Erni<\/strong><strong><\/strong><strong><\/strong><\/p>\n<p><strong><\/strong><\/p>\n<p><strong><\/strong><\/p>\n<p>Un grand merci pour cet immense \u00e9ventail de vibrantes \u00e9motions.<br \/><strong>Jean-Claude Renou<\/strong><strong><\/strong><\/p>\n<p><strong><\/strong><\/p>\n<p><strong><\/strong><\/p>\n<p>J&rsquo;ai \u00e9t\u00e9 ravi et enchant\u00e9 de participer \u00e0 ces c\u00e9l\u00e9brations de Beethoven dont tu es probablement un cousin \u00e9loign\u00e9 par la ressemblance (de loin), l&rsquo;originalit\u00e9 et le soin apport\u00e9s \u00e0 ces illuminations magiques. J&rsquo;ai \u00e9t\u00e9 transport\u00e9, \u00e9mu et touch\u00e9 par le divin de vivre ces moments d&rsquo;anthologie, tout ceci gr\u00e2ce \u00e0 toi. Un immense MERCI pour qui tu es et pour ce que tu as fait. BRAVO.<br \/><strong>Jean-Yves Curty<\/strong><\/p>\n<p><strong><\/strong><\/p>\n<p><strong><\/strong><\/p>\n<p>Chaque soir, j\u2019ai \u00e9t\u00e9 \u00e9merveill\u00e9e, \u00e9poustoufl\u00e9e, \u00e9mue aux larmes devant tant de beaut\u00e9 lumineuse et musicale.<br \/>Quelle audace, quelle cr\u00e9ativit\u00e9 !<br \/><strong>Catherine Wick Monnard<\/strong><\/p>\n<p><strong><\/strong><\/p>\n<p><strong><\/strong><\/p>\n<p>Merci pour cette si joyeuse aventure, cette si paisible exp\u00e9rience remplie de rencontres, d\u2019\u00e9motions, de notes de musique, de bienveillantes lumi\u00e8res.<br \/><strong>Martial Cherix<\/strong><\/p>\n<p><strong><\/strong><\/p>\n<p><strong><\/strong><\/p>\n<p>Heureuse d\u2019avoir particip\u00e9 \u00e0 cette magnifique aventure! Heureuse d\u2019avoir allum\u00e9 les flammes de la Paix ! Parce qu\u2019 \u00ab\u00a0un autre monde est possible\u00a0\u00bb !<br \/>Merci.<br \/><strong>Dominique Parker Cherix<\/strong><\/p>\n<p><strong><\/strong><\/p>\n<p><strong><\/strong><\/p>\n<p>Post tenebras lux. Fiat lux !<br \/><strong>Laurence Amy<\/strong><\/p>\n<p><strong><\/strong><\/p>\n<p><strong><\/strong><\/p>\n<p>Une si belle voix pour la paix. Une lueur d\u2019espoir.<br \/>Merci de nous avoir fait vivre des moments si intenses. Le temps de quelques soir\u00e9es, nous avons rev\u00eatu l\u2019habit du \u00ab\u00a0peuple de lumi\u00e8re\u00a0\u00bb pour la paix.<br \/>Esp\u00e9rons que le monde bouge dans ce sens\u2026<br \/><strong>Corinne Rochat<\/strong><\/p>\n<p><strong><\/strong><\/p>\n<p><strong><\/strong><\/p>\n<p>Merci pour ce miracle.<br \/><strong>Shab<\/strong><strong>nam Dutruy<\/strong><\/p>\n<p><strong><\/strong><\/p>\n<p><strong><\/strong><\/p>\n<p>Quel bonheur et honneur d\u2019avoir pu participer \u00e0 cette magnifique mise-en-sc\u00e8ne pour accompagner la 9\u00e8me. \u00c7a restera \u00e0 tout jamais dans mon c\u0153ur.<br \/>Nous avons tous admir\u00e9 le fruit de ton imagination et tout le monde retenait son souffle quand vous allumiez la colombe.<br \/>Merci d\u2019une lampiste combl\u00e9e.<br \/><strong>Charlotte Bricod<\/strong><\/p>\n<p><strong><\/strong><\/p>\n<p><strong><\/strong><\/p>\n<p>Un grand merci \u00e0 toi, directement du promenoir nord.<br \/><strong>Nat\u00e1lia Carvalho Sampaio<\/strong><\/p>\n<p><strong><\/strong><\/p>\n<p><strong><\/strong><\/p>\n<p>Merci pour tes lumi\u00e8res et pour cette exp\u00e9rience inoubliable !<br \/><strong>Esther Philippe<\/strong><\/p>\n<p><strong><\/strong><\/p>\n<p><strong><\/strong><\/p>\n<p>Faire partie de cette <span class=\"JCzEY tNxQIb\" style=\"transform: translate3d(0px, 0px, 0px);\"><span class=\"CSkcDe\">\u0153<\/span><\/span>uvre a \u00e9t\u00e9 \u00e9mouvant.<br \/><strong>Niccol\u00f2 Cesaretti<\/strong><\/p>\n<p><strong><\/strong><\/p>\n<p><strong><\/strong><\/p>\n<p>Merci mille fois pour ta confiance et ta joie.<br \/><strong>Jules Fasquelle<\/strong><\/p>\n<p><strong><\/strong><\/p>\n<p><strong><\/strong><\/p>\n<p>Mille mercis pour toute cette lumi\u00e8re !<br \/><strong>Christian Steiner<\/strong><\/p>\n<p><strong><\/strong><\/p>\n<p><strong><\/strong><\/p>\n<p>Tu as r\u00eav\u00e9\u2026 longtemps !<br \/>Puis tu nous as permis d\u2019entrer dans ton r\u00eave et de faire r\u00eaver \u00e0 notre tour.<br \/>Une merveille !!!<br \/><strong>Fr\u00e9d\u00e9ric Suard<\/strong><\/p>\n<p><strong><\/strong><\/p>\n<p>[\/et_pb_text][et_pb_image src=\u00a0\u00bbhttps:\/\/www.kalalumen.ch\/wp-content\/uploads\/2025\/11\/vonKaenel.png\u00a0\u00bb title_text=\u00a0\u00bbvonKaenel\u00a0\u00bb _builder_version=\u00a0\u00bb4.27.4&Prime; _module_preset=\u00a0\u00bbdefault\u00a0\u00bb min_height=\u00a0\u00bb411px\u00a0\u00bb custom_margin=\u00a0\u00bb||8px|||\u00a0\u00bb custom_padding=\u00a0\u00bb20px||35px|||\u00a0\u00bb global_colors_info=\u00a0\u00bb{}\u00a0\u00bb][\/et_pb_image][et_pb_text _builder_version=\u00a0\u00bb4.27.4&Prime; _module_preset=\u00a0\u00bbdefault\u00a0\u00bb min_height=\u00a0\u00bb115.8px\u00a0\u00bb custom_margin=\u00a0\u00bb-47px|||||\u00a0\u00bb global_colors_info=\u00a0\u00bb{}\u00a0\u00bb]<\/p>\n<p><span style=\"color: #e8e8e8;\"><strong>Thomas von Kaenel<\/strong><\/span><\/p>\n<p><span style=\"color: #e8e8e8;\"><strong><\/strong><\/span><\/p>\n<p><span style=\"font-size: large; color: #e09900;\"><span style=\"background-color: #000000;\"><\/span><\/span><\/p>\n<p><span style=\"font-size: large; color: #e09900;\"><span style=\"background-color: #000000;\">Des choristes<\/span><\/span><\/p>\n<p><span style=\"color: #ededed;\">Je me joins \u00e0 la foule de gens qui te f\u00e9licitent et te remercient.<\/span><br \/><span style=\"color: #ededed;\">Incroyable semaine ! Une des plus belles exp\u00e9riences de ma vie.<\/span><br \/><span style=\"color: #ededed;\">Merci pour ta t\u00e9nacit\u00e9, ta cr\u00e9ativit\u00e9 et ta justesse dans la mise en sc\u00e8ne de cette <span class=\"JCzEY tNxQIb\" style=\"transform: translate3d(0px, 0px, 0px);\"><span class=\"CSkcDe\">\u0153<\/span><\/span>uvre que je vais pour toujours associer \u00e0 Julien et \u00e0 toi. La finesse avec laquelle tu n\u2019as pas c\u00e9d\u00e9 \u00e0 la tentation d\u2019en faire trop est le t\u00e9moin de ta profonde humilit\u00e9, de ta conscience de la grandeur de la partition. Tu n\u2019as pas fait d\u2019ombre \u00e0 Beethoven. Non seulement tu as illumin\u00e9 son g\u00e9nie mais aussi allum\u00e9 une bougie dans nos <span class=\"JCzEY tNxQIb\" style=\"transform: translate3d(0px, 0px, 0px);\"><span class=\"CSkcDe\">c\u0153urs <\/span><\/span>pour son message.<\/span><br \/><span style=\"color: #ededed;\">Je suis heureux et fier d\u2019avoir pu participer \u00e0 cet \u00e9v\u00e9nement. Je te remercie pour ce magnifique moment que tu as partag\u00e9 avec nous, les choristes, mais \u00e9galement avec nos familles et nos amis qui ont pu y assister. Je t\u2019envoie ta part de l\u2019amour que je ressens car il y en avait largement pour tout le monde.<\/span><br \/><span style=\"color: #ededed;\">A tr\u00e8s bient\u00f4t mon ami.<\/span><br \/><span style=\"color: #ededed;\"><strong>Thomas Zoller, cr\u00e9ateur du programme\u00a0<\/strong><\/span><\/p>\n<p><span style=\"color: #ededed;\"><strong><\/strong><\/span><\/p>\n<p><span style=\"color: #ededed;\"><strong><\/strong><\/span><\/p>\n<p><span style=\"color: #ededed;\"><span style=\"color: #e8e8e8;\">Un tout grand MERCI pour l&rsquo;aventure enthousiasmante que nous avons pu vivre gr\u00e2ce \u00e0 toi. Une orchestration lumineuse originale et inoubliable \u00e0 laquelle nous penserons immanquablement \u00e0 chaque fois que nous entendrons tout ou partie de cette symphonie embl\u00e9matique. Merci de nous avoir fait confiance en nous associant de l&rsquo;int\u00e9rieur \u00e0 ton projet de lumi\u00e8re.<\/span><br \/><span style=\"color: #e8e8e8;\">Et enfin merci pour le cadeau totalement inattendu de ces deux bougies torches que tu as fait \u00e0 chacun d&rsquo;entre nous. J&rsquo;en ai \u00e9t\u00e9 tr\u00e8s touch\u00e9e.<\/span><br \/><span style=\"color: #e8e8e8;\">Bonne suite \u00e0 Kalalumen et aux projets les plus fous !<\/span><br \/><span style=\"color: #e8e8e8;\">Avec toute ma reconnaissance.<\/span><strong><br \/><span style=\"color: #e8e8e8;\">B\u00e9atrice Spaltenstein<\/span><\/strong><\/span><\/p>\n<p>[\/et_pb_text][\/et_pb_column][\/et_pb_row][\/et_pb_section]<\/p>\n","protected":false},"excerpt":{"rendered":"<p>750e Cath\u00e9drale de Lausanne 9-10 octobre 2025T\u00e9moignages\u00a0Des organisateurs L&rsquo;Association pour le 750e de la Cath\u00e9drale, charg\u00e9e d&rsquo;organiser les manifestations et \u00e9v\u00e8nements de cette ann\u00e9e d&rsquo;anniversaire, est tr\u00e8s fi\u00e8re et trop heureuse d&rsquo;avoir accroch\u00e9 ce formidable spectacle \u00e0 son programme. Son succ\u00e8s fut extraordinaire, en termes de fr\u00e9quentation et d&rsquo;accueil : que de t\u00e9moignages \u00e9logieux, encore [&hellip;]<\/p>\n","protected":false},"author":2,"featured_media":0,"parent":0,"menu_order":0,"comment_status":"closed","ping_status":"closed","template":"","meta":{"_et_pb_use_builder":"on","_et_pb_old_content":"","_et_gb_content_width":"","footnotes":""},"folder":[22],"class_list":["post-2828","page","type-page","status-publish","hentry"],"yoast_head":"<!-- This site is optimized with the Yoast SEO plugin v27.5 - https:\/\/yoast.com\/product\/yoast-seo-wordpress\/ -->\n<title>9e-T\u00e9moignages - Kalalumen<\/title>\n<meta name=\"description\" content=\"\u201cC\u2019est absolument fabuleux! Je n\u2019ai jamais rien vu d\u2019aussi beau dans une cath\u00e9drale. Le mariage de la lumi\u00e8re et de la musique est magique.\" \/>\n<meta name=\"robots\" content=\"index, follow, max-snippet:-1, max-image-preview:large, max-video-preview:-1\" \/>\n<link rel=\"canonical\" href=\"https:\/\/www.kalalumen.ch\/accueil\/9e-temoignages\/\" \/>\n<meta property=\"og:locale\" content=\"fr_FR\" \/>\n<meta property=\"og:type\" content=\"article\" \/>\n<meta property=\"og:title\" content=\"9e-T\u00e9moignages - Kalalumen\" \/>\n<meta property=\"og:description\" content=\"\u201cC\u2019est absolument fabuleux! Je n\u2019ai jamais rien vu d\u2019aussi beau dans une cath\u00e9drale. Le mariage de la lumi\u00e8re et de la musique est magique.\" \/>\n<meta property=\"og:url\" content=\"https:\/\/www.kalalumen.ch\/accueil\/9e-temoignages\/\" \/>\n<meta property=\"og:site_name\" content=\"Kalalumen\" \/>\n<meta property=\"article:modified_time\" content=\"2026-03-07T14:04:56+00:00\" \/>\n<meta name=\"twitter:card\" content=\"summary_large_image\" \/>\n<meta name=\"twitter:label1\" content=\"Dur\u00e9e de lecture estim\u00e9e\" \/>\n\t<meta name=\"twitter:data1\" content=\"15 minutes\" \/>\n<script type=\"application\/ld+json\" class=\"yoast-schema-graph\">{\"@context\":\"https:\\\/\\\/schema.org\",\"@graph\":[{\"@type\":\"WebPage\",\"@id\":\"https:\\\/\\\/www.kalalumen.ch\\\/accueil\\\/9e-temoignages\\\/\",\"url\":\"https:\\\/\\\/www.kalalumen.ch\\\/accueil\\\/9e-temoignages\\\/\",\"name\":\"9e-T\u00e9moignages - Kalalumen\",\"isPartOf\":{\"@id\":\"https:\\\/\\\/www.kalalumen.ch\\\/accueil\\\/#website\"},\"datePublished\":\"2025-11-09T15:44:19+00:00\",\"dateModified\":\"2026-03-07T14:04:56+00:00\",\"description\":\"\u201cC\u2019est absolument fabuleux! Je n\u2019ai jamais rien vu d\u2019aussi beau dans une cath\u00e9drale. Le mariage de la lumi\u00e8re et de la musique est magique.\",\"breadcrumb\":{\"@id\":\"https:\\\/\\\/www.kalalumen.ch\\\/accueil\\\/9e-temoignages\\\/#breadcrumb\"},\"inLanguage\":\"fr-FR\",\"potentialAction\":[{\"@type\":\"ReadAction\",\"target\":[\"https:\\\/\\\/www.kalalumen.ch\\\/accueil\\\/9e-temoignages\\\/\"]}]},{\"@type\":\"BreadcrumbList\",\"@id\":\"https:\\\/\\\/www.kalalumen.ch\\\/accueil\\\/9e-temoignages\\\/#breadcrumb\",\"itemListElement\":[{\"@type\":\"ListItem\",\"position\":1,\"name\":\"Accueil\",\"item\":\"https:\\\/\\\/www.kalalumen.ch\\\/accueil\\\/\"},{\"@type\":\"ListItem\",\"position\":2,\"name\":\"9e-T\u00e9moignages\"}]},{\"@type\":\"WebSite\",\"@id\":\"https:\\\/\\\/www.kalalumen.ch\\\/accueil\\\/#website\",\"url\":\"https:\\\/\\\/www.kalalumen.ch\\\/accueil\\\/\",\"name\":\"Kalalumen\",\"description\":\"Illuminations \u00e0 la bougie\",\"potentialAction\":[{\"@type\":\"SearchAction\",\"target\":{\"@type\":\"EntryPoint\",\"urlTemplate\":\"https:\\\/\\\/www.kalalumen.ch\\\/accueil\\\/?s={search_term_string}\"},\"query-input\":{\"@type\":\"PropertyValueSpecification\",\"valueRequired\":true,\"valueName\":\"search_term_string\"}}],\"inLanguage\":\"fr-FR\"}]}<\/script>\n<!-- \/ Yoast SEO plugin. -->","yoast_head_json":{"title":"9e-T\u00e9moignages - Kalalumen","description":"\u201cC\u2019est absolument fabuleux! Je n\u2019ai jamais rien vu d\u2019aussi beau dans une cath\u00e9drale. Le mariage de la lumi\u00e8re et de la musique est magique.","robots":{"index":"index","follow":"follow","max-snippet":"max-snippet:-1","max-image-preview":"max-image-preview:large","max-video-preview":"max-video-preview:-1"},"canonical":"https:\/\/www.kalalumen.ch\/accueil\/9e-temoignages\/","og_locale":"fr_FR","og_type":"article","og_title":"9e-T\u00e9moignages - Kalalumen","og_description":"\u201cC\u2019est absolument fabuleux! Je n\u2019ai jamais rien vu d\u2019aussi beau dans une cath\u00e9drale. Le mariage de la lumi\u00e8re et de la musique est magique.","og_url":"https:\/\/www.kalalumen.ch\/accueil\/9e-temoignages\/","og_site_name":"Kalalumen","article_modified_time":"2026-03-07T14:04:56+00:00","twitter_card":"summary_large_image","twitter_misc":{"Dur\u00e9e de lecture estim\u00e9e":"15 minutes"},"schema":{"@context":"https:\/\/schema.org","@graph":[{"@type":"WebPage","@id":"https:\/\/www.kalalumen.ch\/accueil\/9e-temoignages\/","url":"https:\/\/www.kalalumen.ch\/accueil\/9e-temoignages\/","name":"9e-T\u00e9moignages - Kalalumen","isPartOf":{"@id":"https:\/\/www.kalalumen.ch\/accueil\/#website"},"datePublished":"2025-11-09T15:44:19+00:00","dateModified":"2026-03-07T14:04:56+00:00","description":"\u201cC\u2019est absolument fabuleux! Je n\u2019ai jamais rien vu d\u2019aussi beau dans une cath\u00e9drale. Le mariage de la lumi\u00e8re et de la musique est magique.","breadcrumb":{"@id":"https:\/\/www.kalalumen.ch\/accueil\/9e-temoignages\/#breadcrumb"},"inLanguage":"fr-FR","potentialAction":[{"@type":"ReadAction","target":["https:\/\/www.kalalumen.ch\/accueil\/9e-temoignages\/"]}]},{"@type":"BreadcrumbList","@id":"https:\/\/www.kalalumen.ch\/accueil\/9e-temoignages\/#breadcrumb","itemListElement":[{"@type":"ListItem","position":1,"name":"Accueil","item":"https:\/\/www.kalalumen.ch\/accueil\/"},{"@type":"ListItem","position":2,"name":"9e-T\u00e9moignages"}]},{"@type":"WebSite","@id":"https:\/\/www.kalalumen.ch\/accueil\/#website","url":"https:\/\/www.kalalumen.ch\/accueil\/","name":"Kalalumen","description":"Illuminations \u00e0 la bougie","potentialAction":[{"@type":"SearchAction","target":{"@type":"EntryPoint","urlTemplate":"https:\/\/www.kalalumen.ch\/accueil\/?s={search_term_string}"},"query-input":{"@type":"PropertyValueSpecification","valueRequired":true,"valueName":"search_term_string"}}],"inLanguage":"fr-FR"}]}},"_links":{"self":[{"href":"https:\/\/www.kalalumen.ch\/accueil\/wp-json\/wp\/v2\/pages\/2828","targetHints":{"allow":["GET"]}}],"collection":[{"href":"https:\/\/www.kalalumen.ch\/accueil\/wp-json\/wp\/v2\/pages"}],"about":[{"href":"https:\/\/www.kalalumen.ch\/accueil\/wp-json\/wp\/v2\/types\/page"}],"author":[{"embeddable":true,"href":"https:\/\/www.kalalumen.ch\/accueil\/wp-json\/wp\/v2\/users\/2"}],"replies":[{"embeddable":true,"href":"https:\/\/www.kalalumen.ch\/accueil\/wp-json\/wp\/v2\/comments?post=2828"}],"version-history":[{"count":104,"href":"https:\/\/www.kalalumen.ch\/accueil\/wp-json\/wp\/v2\/pages\/2828\/revisions"}],"predecessor-version":[{"id":3346,"href":"https:\/\/www.kalalumen.ch\/accueil\/wp-json\/wp\/v2\/pages\/2828\/revisions\/3346"}],"wp:attachment":[{"href":"https:\/\/www.kalalumen.ch\/accueil\/wp-json\/wp\/v2\/media?parent=2828"}],"wp:term":[{"taxonomy":"folder","embeddable":true,"href":"https:\/\/www.kalalumen.ch\/accueil\/wp-json\/wp\/v2\/folder?post=2828"}],"curies":[{"name":"wp","href":"https:\/\/api.w.org\/{rel}","templated":true}]}}