{"id":2489,"date":"2025-11-02T12:41:39","date_gmt":"2025-11-02T11:41:39","guid":{"rendered":"https:\/\/www.kalalumen.ch\/accueil\/?page_id=2489"},"modified":"2026-03-07T15:11:06","modified_gmt":"2026-03-07T14:11:06","slug":"9e-symphonie","status":"publish","type":"page","link":"https:\/\/www.kalalumen.ch\/accueil\/9e-symphonie\/","title":{"rendered":"9e Symphonie"},"content":{"rendered":"<p>[et_pb_section fb_built=\u00a0\u00bb1&Prime; admin_label=\u00a0\u00bbLocations\u00a0\u00bb _builder_version=\u00a0\u00bb4.27.4&Prime; background_color=\u00a0\u00bb#212529&Prime; background_image=\u00a0\u00bbhttps:\/\/www.kalalumen.ch\/wp-content\/uploads\/2025\/11\/Partition.jpg\u00a0\u00bb min_height=\u00a0\u00bb937.6px\u00a0\u00bb custom_padding=\u00a0\u00bb0|0px|387px|0px|false|false\u00a0\u00bb global_colors_info=\u00a0\u00bb{}\u00a0\u00bb][et_pb_row custom_padding_last_edited=\u00a0\u00bbon|phone\u00a0\u00bb _builder_version=\u00a0\u00bb4.27.4&Prime; _module_preset=\u00a0\u00bbdefault\u00a0\u00bb custom_padding=\u00a0\u00bb112px||34px|||\u00a0\u00bb custom_padding_tablet=\u00a0\u00bb112px||34px|||\u00a0\u00bb custom_padding_phone=\u00a0\u00bb69px||12px||false|false\u00a0\u00bb global_colors_info=\u00a0\u00bb{}\u00a0\u00bb][et_pb_column type=\u00a0\u00bb4_4&Prime; _builder_version=\u00a0\u00bb4.27.4&Prime; _module_preset=\u00a0\u00bbdefault\u00a0\u00bb global_colors_info=\u00a0\u00bb{}\u00a0\u00bb][et_pb_text _builder_version=\u00a0\u00bb4.27.4&Prime; _module_preset=\u00a0\u00bbdefault\u00a0\u00bb text_font=\u00a0\u00bbGeorgia||||||||\u00a0\u00bb text_text_color=\u00a0\u00bb#ffc300&Prime; text_font_size=\u00a0\u00bb79px\u00a0\u00bb text_orientation=\u00a0\u00bbcenter\u00a0\u00bb min_height=\u00a0\u00bb48.8px\u00a0\u00bb custom_margin=\u00a0\u00bb-61px||30px||false|false\u00a0\u00bb custom_margin_tablet=\u00a0\u00bb||0px||false|false\u00a0\u00bb custom_margin_phone=\u00a0\u00bb-63px||-9px||false|false\u00a0\u00bb custom_margin_last_edited=\u00a0\u00bbon|phone\u00a0\u00bb custom_padding=\u00a0\u00bb||0px||false|false\u00a0\u00bb text_font_size_tablet=\u00a0\u00bb49px\u00a0\u00bb text_font_size_phone=\u00a0\u00bb26px\u00a0\u00bb text_font_size_last_edited=\u00a0\u00bbon|phone\u00a0\u00bb text_text_shadow_style=\u00a0\u00bbpreset3&Prime; text_text_shadow_blur_strength=\u00a0\u00bb0.47em\u00a0\u00bb text_text_shadow_color=\u00a0\u00bb#000000&Prime; global_colors_info=\u00a0\u00bb{}\u00a0\u00bb]<\/p>\n<p><span style=\"color: rgba(255, 255, 255, 0.86);\">Lu<span style=\"font-family: inherit;\">dw<\/span>ig van Beethoven<\/span><\/p>\n<p>[\/et_pb_text][et_pb_text _builder_version=\u00a0\u00bb4.27.4&Prime; _module_preset=\u00a0\u00bbdefault\u00a0\u00bb text_font=\u00a0\u00bbGeorgia||||||||\u00a0\u00bb text_text_color=\u00a0\u00bb#ffc300&Prime; text_font_size=\u00a0\u00bb37px\u00a0\u00bb custom_margin_tablet=\u00a0\u00bb||0px||false|false\u00a0\u00bb custom_margin_phone=\u00a0\u00bb0px||0px||false|false\u00a0\u00bb custom_margin_last_edited=\u00a0\u00bbon|tablet\u00a0\u00bb custom_padding=\u00a0\u00bb||0px||false|false\u00a0\u00bb text_font_size_tablet=\u00a0\u00bb27px\u00a0\u00bb text_font_size_phone=\u00a0\u00bb16px\u00a0\u00bb text_font_size_last_edited=\u00a0\u00bbon|desktop\u00a0\u00bb text_text_shadow_style=\u00a0\u00bbpreset3&Prime; text_text_shadow_blur_strength=\u00a0\u00bb0.78em\u00a0\u00bb text_text_shadow_color=\u00a0\u00bb#000000&Prime; global_colors_info=\u00a0\u00bb{}\u00a0\u00bb]<\/p>\n<p style=\"text-align: center;\"><span style=\"color: rgba(255, 255, 255, 0.83);\">Symphonie n\u00b09 en r\u00e9 mineur Op. 125<\/span><\/p>\n<p>[\/et_pb_text][\/et_pb_column][\/et_pb_row][et_pb_row custom_padding_last_edited=\u00a0\u00bbon|desktop\u00a0\u00bb _builder_version=\u00a0\u00bb4.27.4&Prime; _module_preset=\u00a0\u00bbdefault\u00a0\u00bb custom_margin=\u00a0\u00bb1px|auto|21px|auto||\u00a0\u00bb custom_padding=\u00a0\u00bb6px|241px|4px|229px||\u00a0\u00bb custom_padding_tablet=\u00a0\u00bb6px|95px|0px|95px|false|false\u00a0\u00bb custom_padding_phone=\u00a0\u00bb|0px|0px|0px|false|false\u00a0\u00bb global_colors_info=\u00a0\u00bb{}\u00a0\u00bb][et_pb_column type=\u00a0\u00bb4_4&Prime; _builder_version=\u00a0\u00bb4.27.4&Prime; _module_preset=\u00a0\u00bbdefault\u00a0\u00bb global_colors_info=\u00a0\u00bb{}\u00a0\u00bb][et_pb_text content_tablet=\u00a0\u00bb<\/p>\n<p>Fascin\u00e9 par la musique de Beethoven comme par sa personnalit\u00e9, l\u2019id\u00e9e de mettre la 9e symphonie en lumi\u00e8re m&rsquo;est venue en 2013.<br \/>Plusieurs impr\u00e9vus vont entraver sa mise en \u0153uvre avant que le concert ne se voie int\u00e9gr\u00e9 au 750e anniversaire de la cons\u00e9cration de la cath\u00e9drale en 2025.<br \/>Ev\u00e9nement phare du jubil\u00e9, il a surpass\u00e9 toutes mes esp\u00e9rances, tant au niveau de l\u2019\u00e9motion que de l\u2019impact suscit\u00e9s aupr\u00e8s du public.<\/p>\n<p>\u00a0\u00bb content_phone=\u00a0\u00bb<\/p>\n<p>Fascin\u00e9 par la musique de Beethoven comme par sa personnalit\u00e9, l\u2019id\u00e9e de mettre la 9e symphonie en lumi\u00e8re m&rsquo;est venue en 2013.<br \/>Plusieurs impr\u00e9vus vont entraver sa mise en \u0153uvre avant que le concert ne se voie int\u00e9gr\u00e9 au 750e anniversaire de la cons\u00e9cration de la cath\u00e9drale en 2025.<br \/>Ev\u00e9nement phare du jubil\u00e9, il a surpass\u00e9 toutes mes esp\u00e9rances, tant au niveau de l\u2019\u00e9motion que de l\u2019impact suscit\u00e9s aupr\u00e8s du public.<\/p>\n<p>\u00a0\u00bb content_last_edited=\u00a0\u00bbon|phone\u00a0\u00bb _builder_version=\u00a0\u00bb4.27.4&Prime; _module_preset=\u00a0\u00bbdefault\u00a0\u00bb text_font=\u00a0\u00bbAdamina||||||||\u00a0\u00bb text_text_color=\u00a0\u00bb#efefef\u00a0\u00bb text_font_size=\u00a0\u00bb16px\u00a0\u00bb text_line_height=\u00a0\u00bb1.4em\u00a0\u00bb custom_padding=\u00a0\u00bb7px|10px|9px|20px|false|false\u00a0\u00bb text_text_color_tablet=\u00a0\u00bb#efefef\u00a0\u00bb text_text_color_phone=\u00a0\u00bb#efefef\u00a0\u00bb text_text_color_last_edited=\u00a0\u00bbon|desktop\u00a0\u00bb text_font_size_tablet=\u00a0\u00bb15px\u00a0\u00bb text_font_size_phone=\u00a0\u00bb15px\u00a0\u00bb text_font_size_last_edited=\u00a0\u00bbon|desktop\u00a0\u00bb border_width_all=\u00a0\u00bb2px\u00a0\u00bb border_color_all=\u00a0\u00bb#E09900&Prime; box_shadow_style=\u00a0\u00bbpreset6&Prime; box_shadow_blur=\u00a0\u00bb80px\u00a0\u00bb box_shadow_spread=\u00a0\u00bb57px\u00a0\u00bb box_shadow_color=\u00a0\u00bbrgba(48,29,0,0.83)\u00a0\u00bb global_colors_info=\u00a0\u00bb{}\u00a0\u00bb]<\/p>\n<p>Fascin\u00e9 par la musique de Beethoven comme par sa personnalit\u00e9, l\u2019id\u00e9e de mettre la 9e symphonie en lumi\u00e8re m&rsquo;est venue en 2013.<br \/>Plusieurs impr\u00e9vus vont entraver sa mise en \u0153uvre avant que le concert ne se voie int\u00e9gr\u00e9 au 750e anniversaire de la cons\u00e9cration de la Cath\u00e9drale de Lausanne en 2025.<br \/>Ev\u00e9nement phare du jubil\u00e9, il a surpass\u00e9 toutes mes esp\u00e9rances, tant au niveau de l\u2019\u00e9motion que de l\u2019impact suscit\u00e9s aupr\u00e8s du public.<\/p>\n<p>[\/et_pb_text][\/et_pb_column][\/et_pb_row][et_pb_row column_structure=\u00a0\u00bb1_4,1_4,1_4,1_4&Prime; _builder_version=\u00a0\u00bb4.27.4&Prime; _module_preset=\u00a0\u00bbdefault\u00a0\u00bb width=\u00a0\u00bb79.6%\u00a0\u00bb custom_margin=\u00a0\u00bb4px|auto||auto||\u00a0\u00bb custom_padding=\u00a0\u00bb19px|70px|45px|70px||\u00a0\u00bb global_colors_info=\u00a0\u00bb{}\u00a0\u00bb][et_pb_column type=\u00a0\u00bb1_4&Prime; _builder_version=\u00a0\u00bb4.27.4&Prime; _module_preset=\u00a0\u00bbdefault\u00a0\u00bb global_colors_info=\u00a0\u00bb{}\u00a0\u00bb][et_pb_image src=\u00a0\u00bbhttps:\/\/www.kalalumen.ch\/wp-content\/uploads\/2025\/11\/Capture-decran-2025-11-09-123613.png\u00a0\u00bb alt=\u00a0\u00bbProgramme\u00a0\u00bb title_text=\u00a0\u00bbCapture d&rsquo;\u00e9cran 2025-11-09 123613&Prime; url=\u00a0\u00bb@ET-DC@eyJkeW5hbWljIjp0cnVlLCJjb250ZW50IjoicG9zdF9saW5rX3VybF9hdHRhY2htZW50Iiwic2V0dGluZ3MiOnsicG9zdF9pZCI6IjMyMTQifX0=@\u00a0\u00bb url_new_window=\u00a0\u00bbon\u00a0\u00bb align=\u00a0\u00bbcenter\u00a0\u00bb align_tablet=\u00a0\u00bbcenter\u00a0\u00bb align_phone=\u00a0\u00bbcenter\u00a0\u00bb align_last_edited=\u00a0\u00bbon|tablet\u00a0\u00bb _builder_version=\u00a0\u00bb4.27.4&Prime; _dynamic_attributes=\u00a0\u00bburl\u00a0\u00bb _module_preset=\u00a0\u00bbdefault\u00a0\u00bb max_height=\u00a0\u00bb214px\u00a0\u00bb max_height_tablet=\u00a0\u00bb196px\u00a0\u00bb max_height_phone=\u00a0\u00bb174px\u00a0\u00bb max_height_last_edited=\u00a0\u00bbon|phone\u00a0\u00bb border_width_all=\u00a0\u00bb2px\u00a0\u00bb border_color_all=\u00a0\u00bb#E09900&Prime; global_colors_info=\u00a0\u00bb{}\u00a0\u00bb][\/et_pb_image][\/et_pb_column][et_pb_column type=\u00a0\u00bb1_4&Prime; _builder_version=\u00a0\u00bb4.27.4&Prime; _module_preset=\u00a0\u00bbdefault\u00a0\u00bb global_colors_info=\u00a0\u00bb{}\u00a0\u00bb][et_pb_image src=\u00a0\u00bbhttps:\/\/www.kalalumen.ch\/wp-content\/uploads\/2025\/12\/Presse.jpg\u00a0\u00bb alt=\u00a0\u00bbProgramme\u00a0\u00bb title_text=\u00a0\u00bbPresse\u00a0\u00bb url=\u00a0\u00bb@ET-DC@eyJkeW5hbWljIjp0cnVlLCJjb250ZW50IjoicG9zdF9saW5rX3VybF9wYWdlIiwic2V0dGluZ3MiOnsicG9zdF9pZCI6IjMyMjcifX0=@\u00a0\u00bb align=\u00a0\u00bbcenter\u00a0\u00bb align_tablet=\u00a0\u00bbcenter\u00a0\u00bb align_phone=\u00a0\u00bbcenter\u00a0\u00bb align_last_edited=\u00a0\u00bbon|tablet\u00a0\u00bb _builder_version=\u00a0\u00bb4.27.4&Prime; _dynamic_attributes=\u00a0\u00bburl\u00a0\u00bb _module_preset=\u00a0\u00bbdefault\u00a0\u00bb max_height=\u00a0\u00bb214px\u00a0\u00bb max_height_tablet=\u00a0\u00bb196px\u00a0\u00bb max_height_phone=\u00a0\u00bb174px\u00a0\u00bb max_height_last_edited=\u00a0\u00bbon|phone\u00a0\u00bb border_width_all=\u00a0\u00bb2px\u00a0\u00bb border_color_all=\u00a0\u00bb#E09900&Prime; global_colors_info=\u00a0\u00bb{}\u00a0\u00bb][\/et_pb_image][\/et_pb_column][et_pb_column type=\u00a0\u00bb1_4&Prime; _builder_version=\u00a0\u00bb4.27.4&Prime; _module_preset=\u00a0\u00bbdefault\u00a0\u00bb global_colors_info=\u00a0\u00bb{}\u00a0\u00bb][et_pb_image src=\u00a0\u00bbhttps:\/\/www.kalalumen.ch\/wp-content\/uploads\/2025\/12\/Porfolio.jpg\u00a0\u00bb alt=\u00a0\u00bbProgramme\u00a0\u00bb title_text=\u00a0\u00bbPorfolio\u00a0\u00bb url=\u00a0\u00bbhttps:\/\/www.kalalumen.ch\/accueil\/9e-portfolio\/\u00a0\u00bb align=\u00a0\u00bbcenter\u00a0\u00bb align_tablet=\u00a0\u00bbcenter\u00a0\u00bb align_phone=\u00a0\u00bbcenter\u00a0\u00bb align_last_edited=\u00a0\u00bbon|tablet\u00a0\u00bb _builder_version=\u00a0\u00bb4.27.4&Prime; _module_preset=\u00a0\u00bbdefault\u00a0\u00bb max_height=\u00a0\u00bb214px\u00a0\u00bb max_height_tablet=\u00a0\u00bb196px\u00a0\u00bb max_height_phone=\u00a0\u00bb174px\u00a0\u00bb max_height_last_edited=\u00a0\u00bbon|phone\u00a0\u00bb border_width_all=\u00a0\u00bb2px\u00a0\u00bb border_color_all=\u00a0\u00bb#E09900&Prime; global_colors_info=\u00a0\u00bb{}\u00a0\u00bb][\/et_pb_image][\/et_pb_column][et_pb_column type=\u00a0\u00bb1_4&Prime; _builder_version=\u00a0\u00bb4.27.4&Prime; _module_preset=\u00a0\u00bbdefault\u00a0\u00bb global_colors_info=\u00a0\u00bb{}\u00a0\u00bb][et_pb_button _builder_version=\u00a0\u00bb4.27.4&Prime; _module_preset=\u00a0\u00bbdefault\u00a0\u00bb custom_button=\u00a0\u00bbon\u00a0\u00bb button_text_size=\u00a0\u00bb23px\u00a0\u00bb button_text_color=\u00a0\u00bb#ffffff\u00a0\u00bb button_bg_color=\u00a0\u00bbRGBA(255,255,255,0)\u00a0\u00bb button_bg_image=\u00a0\u00bbhttps:\/\/www.kalalumen.ch\/wp-content\/uploads\/2025\/11\/Temoignages.jpg\u00a0\u00bb button_border_color=\u00a0\u00bb#e09900&Prime; button_border_radius=\u00a0\u00bb0px\u00a0\u00bb button_use_icon=\u00a0\u00bboff\u00a0\u00bb transform_scale_linked=\u00a0\u00bboff\u00a0\u00bb custom_margin=\u00a0\u00bb0px||0px||false|false\u00a0\u00bb custom_padding=\u00a0\u00bb152px||152px||true|false\u00a0\u00bb animation_style=\u00a0\u00bbzoom\u00a0\u00bb animation_duration=\u00a0\u00bb250ms\u00a0\u00bb animation_delay=\u00a0\u00bb150ms\u00a0\u00bb animation_intensity_zoom=\u00a0\u00bb14%\u00a0\u00bb animation_starting_opacity=\u00a0\u00bb42%\u00a0\u00bb background_layout_last_edited=\u00a0\u00bboff|desktop\u00a0\u00bb global_colors_info=\u00a0\u00bb{}\u00a0\u00bb][\/et_pb_button][et_pb_image src=\u00a0\u00bbhttps:\/\/www.kalalumen.ch\/wp-content\/uploads\/2025\/12\/Temoignages_.jpg\u00a0\u00bb alt=\u00a0\u00bbProgramme\u00a0\u00bb title_text=\u00a0\u00bbT\u00e9moignages_\u00a0\u00bb url=\u00a0\u00bbhttps:\/\/www.kalalumen.ch\/accueil\/9e-temoignages\/\u00a0\u00bb align=\u00a0\u00bbcenter\u00a0\u00bb align_tablet=\u00a0\u00bbcenter\u00a0\u00bb align_phone=\u00a0\u00bbcenter\u00a0\u00bb align_last_edited=\u00a0\u00bbon|tablet\u00a0\u00bb _builder_version=\u00a0\u00bb4.27.4&Prime; _module_preset=\u00a0\u00bbdefault\u00a0\u00bb max_height=\u00a0\u00bb214px\u00a0\u00bb max_height_tablet=\u00a0\u00bb196px\u00a0\u00bb max_height_phone=\u00a0\u00bb174px\u00a0\u00bb max_height_last_edited=\u00a0\u00bbon|phone\u00a0\u00bb border_width_all=\u00a0\u00bb2px\u00a0\u00bb border_color_all=\u00a0\u00bb#E09900&Prime; global_colors_info=\u00a0\u00bb{}\u00a0\u00bb][\/et_pb_image][\/et_pb_column][\/et_pb_row][et_pb_row custom_padding_last_edited=\u00a0\u00bbon|desktop\u00a0\u00bb _builder_version=\u00a0\u00bb4.27.4&Prime; _module_preset=\u00a0\u00bbdefault\u00a0\u00bb custom_margin=\u00a0\u00bb1px|auto|21px|auto||\u00a0\u00bb custom_padding=\u00a0\u00bb6px|241px|4px|229px||\u00a0\u00bb custom_padding_tablet=\u00a0\u00bb6px|95px|0px|95px|false|false\u00a0\u00bb custom_padding_phone=\u00a0\u00bb|0px|0px|0px|false|false\u00a0\u00bb global_colors_info=\u00a0\u00bb{}\u00a0\u00bb][et_pb_column type=\u00a0\u00bb4_4&Prime; _builder_version=\u00a0\u00bb4.27.4&Prime; _module_preset=\u00a0\u00bbdefault\u00a0\u00bb global_colors_info=\u00a0\u00bb{}\u00a0\u00bb][et_pb_text content_tablet=\u00a0\u00bb<\/p>\n<p>Capt\u00e9 \u00e0 360\u00b0 par la soci\u00e9t\u00e9 <span style=%22text-decoration: underline;%22>Cybel&rsquo;Art<\/span>, le concert sera disponible sur la plateforme Virtual Hall courant 2026.<\/p>\n<p>\u00a0\u00bb content_phone=\u00a0\u00bb<\/p>\n<div class=%22et-module-43687f0c-ede5-40b0-a25e-2216cdb8aeda et_pb_column ui-sortable et-animated--vb et_pb_column_4_4 et_pb_column_6 et-first-child et-last-child et_pb_with_border%22 data-address=%220.3.0%22>\n<div class=%22et_fb_editing_enabled et-module-7f866926-75e7-4f79-80b1-63726234e6ad et_pb_text et_pb_module ui-sortable et_pb_text_3 et-animated--vb et_pb_text_align_left et_pb_bg_layout_light et-fb-module--short et_pb_with_border et-first-child et-last-child%22 data-address=%220.3.0.0%22 dynamic=%22%91object Object%93%22 matching=%22%91object Object%93%22 parent_slug=%22et_pb_column%22 theme_builder_suffix=%22%22 wp_editor_suffix=%22%22 wrapper_settings=%22%91object Object%93%22 _key=%227f866926-75e7-4f79-80b1-63726234e6ad%22>\n<div class=%22et_pb_text_inner%22>\n<div data-shortcode-id=%220.3.0.0-1766156917568%22 data-quickaccess-editable=%22yes%22 class=%22et-fb-popover-tinymce%22>\n<div class=%22mce-content-body%22 style=%22position: relative;%22 contenteditable=%22false%22>\n<p>Capt\u00e9 \u00e0 360\u00b0 par la soci\u00e9t\u00e9 <span style=%22text-decoration: underline;%22>Cybel&rsquo;Art<\/span>, le concert sera disponible sur la plateforme Virtual Hall courant 2026.<\/p>\n<\/div>\n<\/div>\n<\/div>\n<\/div>\n<\/div>\n<p>\u00a0\u00bb content_last_edited=\u00a0\u00bbon|phone\u00a0\u00bb _builder_version=\u00a0\u00bb4.27.4&Prime; _module_preset=\u00a0\u00bbdefault\u00a0\u00bb text_font=\u00a0\u00bbAdamina||||||||\u00a0\u00bb text_text_color=\u00a0\u00bb#efefef\u00a0\u00bb text_font_size=\u00a0\u00bb16px\u00a0\u00bb text_line_height=\u00a0\u00bb1.4em\u00a0\u00bb custom_padding=\u00a0\u00bb7px|10px|8px|20px|false|false\u00a0\u00bb link_option_url=\u00a0\u00bbhttps:\/\/www.cybelart.com\/\u00a0\u00bb link_option_url_new_window=\u00a0\u00bbon\u00a0\u00bb text_text_color_tablet=\u00a0\u00bb#efefef\u00a0\u00bb text_text_color_phone=\u00a0\u00bb#efefef\u00a0\u00bb text_text_color_last_edited=\u00a0\u00bbon|desktop\u00a0\u00bb text_font_size_tablet=\u00a0\u00bb15px\u00a0\u00bb text_font_size_phone=\u00a0\u00bb15px\u00a0\u00bb text_font_size_last_edited=\u00a0\u00bbon|desktop\u00a0\u00bb border_width_all=\u00a0\u00bb2px\u00a0\u00bb border_color_all=\u00a0\u00bb#E09900&Prime; box_shadow_style=\u00a0\u00bbpreset6&Prime; box_shadow_blur=\u00a0\u00bb80px\u00a0\u00bb box_shadow_spread=\u00a0\u00bb57px\u00a0\u00bb box_shadow_color=\u00a0\u00bbrgba(48,29,0,0.83)\u00a0\u00bb global_colors_info=\u00a0\u00bb{}\u00a0\u00bb]<\/p>\n<p>Capt\u00e9 \u00e0 360\u00b0 par la soci\u00e9t\u00e9 <span style=\"text-decoration: underline;\">Cybel&rsquo;Art<\/span>, le concert sera disponible sur la plateforme Virtual Hall courant 2026.<\/p>\n<p>[\/et_pb_text][\/et_pb_column][\/et_pb_row][\/et_pb_section]<\/p>\n","protected":false},"excerpt":{"rendered":"<p>Ludwig van BeethovenSymphonie n\u00b09 en r\u00e9 mineur Op. 125Fascin\u00e9 par la musique de Beethoven comme par sa personnalit\u00e9, l\u2019id\u00e9e de mettre la 9e symphonie en lumi\u00e8re m&rsquo;est venue en 2013.Plusieurs impr\u00e9vus vont entraver sa mise en \u0153uvre avant que le concert ne se voie int\u00e9gr\u00e9 au 750e anniversaire de la cons\u00e9cration de la Cath\u00e9drale de [&hellip;]<\/p>\n","protected":false},"author":2,"featured_media":0,"parent":0,"menu_order":0,"comment_status":"closed","ping_status":"closed","template":"","meta":{"_et_pb_use_builder":"on","_et_pb_old_content":"","_et_gb_content_width":"","footnotes":""},"folder":[22],"class_list":["post-2489","page","type-page","status-publish","hentry"],"yoast_head":"<!-- This site is optimized with the Yoast SEO plugin v27.5 - https:\/\/yoast.com\/product\/yoast-seo-wordpress\/ -->\n<title>9e Symphonie - Kalalumen<\/title>\n<meta name=\"description\" content=\"Ma\u00eetre de l&#039;illumination \u00e0 la bougie, Kalalumen magnifie depuis vingt ans lieux culturels et patrimoine historique.\" \/>\n<meta name=\"robots\" content=\"index, follow, max-snippet:-1, max-image-preview:large, max-video-preview:-1\" \/>\n<link rel=\"canonical\" href=\"https:\/\/www.kalalumen.ch\/accueil\/9e-symphonie\/\" \/>\n<meta property=\"og:locale\" content=\"fr_FR\" \/>\n<meta property=\"og:type\" content=\"article\" \/>\n<meta property=\"og:title\" content=\"9e Symphonie - Kalalumen\" \/>\n<meta property=\"og:description\" content=\"Ma\u00eetre de l&#039;illumination \u00e0 la bougie, Kalalumen magnifie depuis vingt ans lieux culturels et patrimoine historique.\" \/>\n<meta property=\"og:url\" content=\"https:\/\/www.kalalumen.ch\/accueil\/9e-symphonie\/\" \/>\n<meta property=\"og:site_name\" content=\"Kalalumen\" \/>\n<meta property=\"article:modified_time\" content=\"2026-03-07T14:11:06+00:00\" \/>\n<meta name=\"twitter:card\" content=\"summary_large_image\" \/>\n<meta name=\"twitter:label1\" content=\"Dur\u00e9e de lecture estim\u00e9e\" \/>\n\t<meta name=\"twitter:data1\" content=\"1 minute\" \/>\n<script type=\"application\/ld+json\" class=\"yoast-schema-graph\">{\"@context\":\"https:\\\/\\\/schema.org\",\"@graph\":[{\"@type\":\"WebPage\",\"@id\":\"https:\\\/\\\/www.kalalumen.ch\\\/accueil\\\/9e-symphonie\\\/\",\"url\":\"https:\\\/\\\/www.kalalumen.ch\\\/accueil\\\/9e-symphonie\\\/\",\"name\":\"9e Symphonie - Kalalumen\",\"isPartOf\":{\"@id\":\"https:\\\/\\\/www.kalalumen.ch\\\/accueil\\\/#website\"},\"datePublished\":\"2025-11-02T11:41:39+00:00\",\"dateModified\":\"2026-03-07T14:11:06+00:00\",\"description\":\"Ma\u00eetre de l'illumination \u00e0 la bougie, Kalalumen magnifie depuis vingt ans lieux culturels et patrimoine historique.\",\"breadcrumb\":{\"@id\":\"https:\\\/\\\/www.kalalumen.ch\\\/accueil\\\/9e-symphonie\\\/#breadcrumb\"},\"inLanguage\":\"fr-FR\",\"potentialAction\":[{\"@type\":\"ReadAction\",\"target\":[\"https:\\\/\\\/www.kalalumen.ch\\\/accueil\\\/9e-symphonie\\\/\"]}]},{\"@type\":\"BreadcrumbList\",\"@id\":\"https:\\\/\\\/www.kalalumen.ch\\\/accueil\\\/9e-symphonie\\\/#breadcrumb\",\"itemListElement\":[{\"@type\":\"ListItem\",\"position\":1,\"name\":\"Accueil\",\"item\":\"https:\\\/\\\/www.kalalumen.ch\\\/accueil\\\/\"},{\"@type\":\"ListItem\",\"position\":2,\"name\":\"9e Symphonie\"}]},{\"@type\":\"WebSite\",\"@id\":\"https:\\\/\\\/www.kalalumen.ch\\\/accueil\\\/#website\",\"url\":\"https:\\\/\\\/www.kalalumen.ch\\\/accueil\\\/\",\"name\":\"Kalalumen\",\"description\":\"Illuminations \u00e0 la bougie\",\"potentialAction\":[{\"@type\":\"SearchAction\",\"target\":{\"@type\":\"EntryPoint\",\"urlTemplate\":\"https:\\\/\\\/www.kalalumen.ch\\\/accueil\\\/?s={search_term_string}\"},\"query-input\":{\"@type\":\"PropertyValueSpecification\",\"valueRequired\":true,\"valueName\":\"search_term_string\"}}],\"inLanguage\":\"fr-FR\"}]}<\/script>\n<!-- \/ Yoast SEO plugin. -->","yoast_head_json":{"title":"9e Symphonie - Kalalumen","description":"Ma\u00eetre de l'illumination \u00e0 la bougie, Kalalumen magnifie depuis vingt ans lieux culturels et patrimoine historique.","robots":{"index":"index","follow":"follow","max-snippet":"max-snippet:-1","max-image-preview":"max-image-preview:large","max-video-preview":"max-video-preview:-1"},"canonical":"https:\/\/www.kalalumen.ch\/accueil\/9e-symphonie\/","og_locale":"fr_FR","og_type":"article","og_title":"9e Symphonie - Kalalumen","og_description":"Ma\u00eetre de l'illumination \u00e0 la bougie, Kalalumen magnifie depuis vingt ans lieux culturels et patrimoine historique.","og_url":"https:\/\/www.kalalumen.ch\/accueil\/9e-symphonie\/","og_site_name":"Kalalumen","article_modified_time":"2026-03-07T14:11:06+00:00","twitter_card":"summary_large_image","twitter_misc":{"Dur\u00e9e de lecture estim\u00e9e":"1 minute"},"schema":{"@context":"https:\/\/schema.org","@graph":[{"@type":"WebPage","@id":"https:\/\/www.kalalumen.ch\/accueil\/9e-symphonie\/","url":"https:\/\/www.kalalumen.ch\/accueil\/9e-symphonie\/","name":"9e Symphonie - Kalalumen","isPartOf":{"@id":"https:\/\/www.kalalumen.ch\/accueil\/#website"},"datePublished":"2025-11-02T11:41:39+00:00","dateModified":"2026-03-07T14:11:06+00:00","description":"Ma\u00eetre de l'illumination \u00e0 la bougie, Kalalumen magnifie depuis vingt ans lieux culturels et patrimoine historique.","breadcrumb":{"@id":"https:\/\/www.kalalumen.ch\/accueil\/9e-symphonie\/#breadcrumb"},"inLanguage":"fr-FR","potentialAction":[{"@type":"ReadAction","target":["https:\/\/www.kalalumen.ch\/accueil\/9e-symphonie\/"]}]},{"@type":"BreadcrumbList","@id":"https:\/\/www.kalalumen.ch\/accueil\/9e-symphonie\/#breadcrumb","itemListElement":[{"@type":"ListItem","position":1,"name":"Accueil","item":"https:\/\/www.kalalumen.ch\/accueil\/"},{"@type":"ListItem","position":2,"name":"9e Symphonie"}]},{"@type":"WebSite","@id":"https:\/\/www.kalalumen.ch\/accueil\/#website","url":"https:\/\/www.kalalumen.ch\/accueil\/","name":"Kalalumen","description":"Illuminations \u00e0 la bougie","potentialAction":[{"@type":"SearchAction","target":{"@type":"EntryPoint","urlTemplate":"https:\/\/www.kalalumen.ch\/accueil\/?s={search_term_string}"},"query-input":{"@type":"PropertyValueSpecification","valueRequired":true,"valueName":"search_term_string"}}],"inLanguage":"fr-FR"}]}},"_links":{"self":[{"href":"https:\/\/www.kalalumen.ch\/accueil\/wp-json\/wp\/v2\/pages\/2489","targetHints":{"allow":["GET"]}}],"collection":[{"href":"https:\/\/www.kalalumen.ch\/accueil\/wp-json\/wp\/v2\/pages"}],"about":[{"href":"https:\/\/www.kalalumen.ch\/accueil\/wp-json\/wp\/v2\/types\/page"}],"author":[{"embeddable":true,"href":"https:\/\/www.kalalumen.ch\/accueil\/wp-json\/wp\/v2\/users\/2"}],"replies":[{"embeddable":true,"href":"https:\/\/www.kalalumen.ch\/accueil\/wp-json\/wp\/v2\/comments?post=2489"}],"version-history":[{"count":54,"href":"https:\/\/www.kalalumen.ch\/accueil\/wp-json\/wp\/v2\/pages\/2489\/revisions"}],"predecessor-version":[{"id":3349,"href":"https:\/\/www.kalalumen.ch\/accueil\/wp-json\/wp\/v2\/pages\/2489\/revisions\/3349"}],"wp:attachment":[{"href":"https:\/\/www.kalalumen.ch\/accueil\/wp-json\/wp\/v2\/media?parent=2489"}],"wp:term":[{"taxonomy":"folder","embeddable":true,"href":"https:\/\/www.kalalumen.ch\/accueil\/wp-json\/wp\/v2\/folder?post=2489"}],"curies":[{"name":"wp","href":"https:\/\/api.w.org\/{rel}","templated":true}]}}